{"id":98,"date":"2018-05-18T18:07:15","date_gmt":"2018-05-18T18:07:15","guid":{"rendered":"http:\/\/fabastayon.es\/?page_id=98"},"modified":"2021-11-06T18:35:24","modified_gmt":"2021-11-06T17:35:24","slug":"acerca-de","status":"publish","type":"page","link":"https:\/\/www.fabastayon.es\/","title":{"rendered":""},"content":{"rendered":"\n<div class=\"wp-block-image\"><figure class=\"aligncenter size-large is-resized\"><img loading=\"lazy\" decoding=\"async\" src=\"https:\/\/www.fabastayon.es\/wp-content\/uploads\/2021\/11\/logotayon-1024x388.png\" alt=\"logo_tayon\" class=\"wp-image-252\" width=\"551\" height=\"208\" srcset=\"https:\/\/www.fabastayon.es\/wp-content\/uploads\/2021\/11\/logotayon-1024x388.png 1024w, https:\/\/www.fabastayon.es\/wp-content\/uploads\/2021\/11\/logotayon-300x114.png 300w, https:\/\/www.fabastayon.es\/wp-content\/uploads\/2021\/11\/logotayon-768x291.png 768w, https:\/\/www.fabastayon.es\/wp-content\/uploads\/2021\/11\/logotayon-600x227.png 600w, https:\/\/www.fabastayon.es\/wp-content\/uploads\/2021\/11\/logotayon.png 1362w\" sizes=\"auto, (max-width: 551px) 100vw, 551px\" \/><figcaption><br><br><\/figcaption><\/figure><\/div>\n\n\n\n<p class=\"has-text-align-left has-medium-font-size\">La faba, principal ingrediente del plato estrella de la gastronom\u00eda  asturiana, escoger las mejores es arto dif\u00edcil, nosotros te ayudamos.<br><br>Existen solo tres denominaciones de faba, ponemos a  tu alcance nuestro mejor grano, con la certificaci\u00f3n IGP Asturiana,  productor n\u00ba669.<br><\/p>\n\n\n\n<p class=\"has-medium-font-size\">Realizamos la siembra con nuestra mejor  semilla, de forma totalmente tradicional, escogiendo el grano,  de forma manual.<br><br>Se distingue, por su tacto con  fina piel y suave textura, por su forma y blancura, el olfato, un  aroma, &nbsp;terroso y almidonado, mantecosa y suave al deshacerse en la  boca y ese sabor que la caracteriza, ese sabor \u00fanico, ese sabor que  enamora.<br><br>No hay mejor acierto que una buena elecci\u00f3n el quedar satisfecho a la hora de la compra.<br><br>Queremos hacerte llegar las mejores fabas, disfr\u00fatalas con tu familia, entre amigos o en buena compa\u00f1ia. <\/p>\n\n\n\n<div class=\"wp-block-image\"><figure class=\"aligncenter\"><img loading=\"lazy\" decoding=\"async\" width=\"420\" height=\"137\" src=\"https:\/\/www.fabastayon.es\/wp-content\/uploads\/2019\/01\/logoIGP.png\" alt=\"\" class=\"wp-image-149\" srcset=\"https:\/\/www.fabastayon.es\/wp-content\/uploads\/2019\/01\/logoIGP.png 420w, https:\/\/www.fabastayon.es\/wp-content\/uploads\/2019\/01\/logoIGP-300x98.png 300w\" sizes=\"auto, (max-width: 420px) 100vw, 420px\" \/><\/figure><\/div>\n\n\n\n<h4 class=\"has-text-align-center wp-block-heading\"><a href=\"https:\/\/www.fabastayon.es\/index.php\/noticias\/\">Recibimos el tercer premio en la cata a la mejor Faba IGP de las XXVI Xornaes de la Faba de Villaviciosa 2019<\/a><br><\/h4>\n","protected":false},"excerpt":{"rendered":"<p>La faba, principal ingrediente del plato estrella de la gastronom\u00eda asturiana, escoger las mejores es arto dif\u00edcil, nosotros te ayudamos. &hellip; <\/p>\n<p><a href=\"https:\/\/www.fabastayon.es\/\" class=\"more-link\">Leer m\u00e1s<\/a><\/p>\n","protected":false},"author":2,"featured_media":0,"parent":0,"menu_order":0,"comment_status":"closed","ping_status":"closed","template":"","meta":{"footnotes":""},"class_list":["post-98","page","type-page","status-publish","hentry"],"yoast_head":"<!-- This site is optimized with the Yoast SEO plugin v27.5 - https:\/\/yoast.com\/product\/yoast-seo-wordpress\/ -->\n<title>- Fabas Tay\u00f3n<\/title>\n<meta name=\"description\" content=\"fabas, fabada asturiana, comprar fabas, habas, haba asturiana, IGP, riberas, asturias, IGP Riberas\" \/>\n<meta name=\"robots\" content=\"index, follow, max-snippet:-1, max-image-preview:large, max-video-preview:-1\" \/>\n<link rel=\"canonical\" href=\"https:\/\/www.fabastayon.es\/\" \/>\n<meta property=\"og:locale\" content=\"es_ES\" \/>\n<meta property=\"og:type\" content=\"article\" \/>\n<meta property=\"og:title\" content=\"- Fabas Tay\u00f3n\" \/>\n<meta property=\"og:description\" content=\"fabas, fabada asturiana, comprar fabas, habas, haba asturiana, IGP, riberas, asturias, IGP Riberas\" \/>\n<meta property=\"og:url\" content=\"https:\/\/www.fabastayon.es\/\" \/>\n<meta property=\"og:site_name\" content=\"Fabas Tay\u00f3n\" \/>\n<meta property=\"article:publisher\" content=\"http:\/\/www.facebook.com\/fabastayon\" \/>\n<meta property=\"article:modified_time\" content=\"2021-11-06T17:35:24+00:00\" \/>\n<meta property=\"og:image\" content=\"https:\/\/www.fabastayon.es\/wp-content\/uploads\/2021\/11\/logotayon-1024x388.png\" \/>\n<meta name=\"twitter:card\" content=\"summary_large_image\" \/>\n<meta name=\"twitter:label1\" content=\"Tiempo de lectura\" \/>\n\t<meta name=\"twitter:data1\" content=\"2 minutos\" \/>\n<script type=\"application\/ld+json\" class=\"yoast-schema-graph\">{\"@context\":\"https:\\\/\\\/schema.org\",\"@graph\":[{\"@type\":\"WebPage\",\"@id\":\"https:\\\/\\\/www.fabastayon.es\\\/\",\"url\":\"https:\\\/\\\/www.fabastayon.es\\\/\",\"name\":\"- Fabas Tay\u00f3n\",\"isPartOf\":{\"@id\":\"https:\\\/\\\/www.fabastayon.es\\\/#website\"},\"primaryImageOfPage\":{\"@id\":\"https:\\\/\\\/www.fabastayon.es\\\/#primaryimage\"},\"image\":{\"@id\":\"https:\\\/\\\/www.fabastayon.es\\\/#primaryimage\"},\"thumbnailUrl\":\"https:\\\/\\\/www.fabastayon.es\\\/wp-content\\\/uploads\\\/2021\\\/11\\\/logotayon-1024x388.png\",\"datePublished\":\"2018-05-18T18:07:15+00:00\",\"dateModified\":\"2021-11-06T17:35:24+00:00\",\"description\":\"fabas, fabada asturiana, comprar fabas, habas, haba asturiana, IGP, riberas, asturias, IGP Riberas\",\"inLanguage\":\"es\",\"potentialAction\":[{\"@type\":\"ReadAction\",\"target\":[\"https:\\\/\\\/www.fabastayon.es\\\/\"]}]},{\"@type\":\"ImageObject\",\"inLanguage\":\"es\",\"@id\":\"https:\\\/\\\/www.fabastayon.es\\\/#primaryimage\",\"url\":\"https:\\\/\\\/www.fabastayon.es\\\/wp-content\\\/uploads\\\/2021\\\/11\\\/logotayon.png\",\"contentUrl\":\"https:\\\/\\\/www.fabastayon.es\\\/wp-content\\\/uploads\\\/2021\\\/11\\\/logotayon.png\",\"width\":1362,\"height\":516,\"caption\":\"logo_tayon\"},{\"@type\":\"WebSite\",\"@id\":\"https:\\\/\\\/www.fabastayon.es\\\/#website\",\"url\":\"https:\\\/\\\/www.fabastayon.es\\\/\",\"name\":\"Fabas Tay\u00f3n\",\"description\":\"Fabas Tay\u00f3n, Faba Asturiana certificada IGP\",\"publisher\":{\"@id\":\"https:\\\/\\\/www.fabastayon.es\\\/#organization\"},\"potentialAction\":[{\"@type\":\"SearchAction\",\"target\":{\"@type\":\"EntryPoint\",\"urlTemplate\":\"https:\\\/\\\/www.fabastayon.es\\\/?s={search_term_string}\"},\"query-input\":{\"@type\":\"PropertyValueSpecification\",\"valueRequired\":true,\"valueName\":\"search_term_string\"}}],\"inLanguage\":\"es\"},{\"@type\":\"Organization\",\"@id\":\"https:\\\/\\\/www.fabastayon.es\\\/#organization\",\"name\":\"Fabas Tay\u00f3n\",\"url\":\"https:\\\/\\\/www.fabastayon.es\\\/\",\"logo\":{\"@type\":\"ImageObject\",\"inLanguage\":\"es\",\"@id\":\"https:\\\/\\\/www.fabastayon.es\\\/#\\\/schema\\\/logo\\\/image\\\/\",\"url\":\"https:\\\/\\\/www.fabastayon.es\\\/wp-content\\\/uploads\\\/2019\\\/01\\\/tayon.png\",\"contentUrl\":\"https:\\\/\\\/www.fabastayon.es\\\/wp-content\\\/uploads\\\/2019\\\/01\\\/tayon.png\",\"width\":582,\"height\":199,\"caption\":\"Fabas Tay\u00f3n\"},\"image\":{\"@id\":\"https:\\\/\\\/www.fabastayon.es\\\/#\\\/schema\\\/logo\\\/image\\\/\"},\"sameAs\":[\"http:\\\/\\\/www.facebook.com\\\/fabastayon\",\"http:\\\/\\\/www.instagram.com\\\/fabastayon\\\/\"]}]}<\/script>\n<!-- \/ Yoast SEO plugin. -->","yoast_head_json":{"title":"- Fabas Tay\u00f3n","description":"fabas, fabada asturiana, comprar fabas, habas, haba asturiana, IGP, riberas, asturias, IGP Riberas","robots":{"index":"index","follow":"follow","max-snippet":"max-snippet:-1","max-image-preview":"max-image-preview:large","max-video-preview":"max-video-preview:-1"},"canonical":"https:\/\/www.fabastayon.es\/","og_locale":"es_ES","og_type":"article","og_title":"- Fabas Tay\u00f3n","og_description":"fabas, fabada asturiana, comprar fabas, habas, haba asturiana, IGP, riberas, asturias, IGP Riberas","og_url":"https:\/\/www.fabastayon.es\/","og_site_name":"Fabas Tay\u00f3n","article_publisher":"http:\/\/www.facebook.com\/fabastayon","article_modified_time":"2021-11-06T17:35:24+00:00","og_image":[{"url":"https:\/\/www.fabastayon.es\/wp-content\/uploads\/2021\/11\/logotayon-1024x388.png","type":"","width":"","height":""}],"twitter_card":"summary_large_image","twitter_misc":{"Tiempo de lectura":"2 minutos"},"schema":{"@context":"https:\/\/schema.org","@graph":[{"@type":"WebPage","@id":"https:\/\/www.fabastayon.es\/","url":"https:\/\/www.fabastayon.es\/","name":"- Fabas Tay\u00f3n","isPartOf":{"@id":"https:\/\/www.fabastayon.es\/#website"},"primaryImageOfPage":{"@id":"https:\/\/www.fabastayon.es\/#primaryimage"},"image":{"@id":"https:\/\/www.fabastayon.es\/#primaryimage"},"thumbnailUrl":"https:\/\/www.fabastayon.es\/wp-content\/uploads\/2021\/11\/logotayon-1024x388.png","datePublished":"2018-05-18T18:07:15+00:00","dateModified":"2021-11-06T17:35:24+00:00","description":"fabas, fabada asturiana, comprar fabas, habas, haba asturiana, IGP, riberas, asturias, IGP Riberas","inLanguage":"es","potentialAction":[{"@type":"ReadAction","target":["https:\/\/www.fabastayon.es\/"]}]},{"@type":"ImageObject","inLanguage":"es","@id":"https:\/\/www.fabastayon.es\/#primaryimage","url":"https:\/\/www.fabastayon.es\/wp-content\/uploads\/2021\/11\/logotayon.png","contentUrl":"https:\/\/www.fabastayon.es\/wp-content\/uploads\/2021\/11\/logotayon.png","width":1362,"height":516,"caption":"logo_tayon"},{"@type":"WebSite","@id":"https:\/\/www.fabastayon.es\/#website","url":"https:\/\/www.fabastayon.es\/","name":"Fabas Tay\u00f3n","description":"Fabas Tay\u00f3n, Faba Asturiana certificada IGP","publisher":{"@id":"https:\/\/www.fabastayon.es\/#organization"},"potentialAction":[{"@type":"SearchAction","target":{"@type":"EntryPoint","urlTemplate":"https:\/\/www.fabastayon.es\/?s={search_term_string}"},"query-input":{"@type":"PropertyValueSpecification","valueRequired":true,"valueName":"search_term_string"}}],"inLanguage":"es"},{"@type":"Organization","@id":"https:\/\/www.fabastayon.es\/#organization","name":"Fabas Tay\u00f3n","url":"https:\/\/www.fabastayon.es\/","logo":{"@type":"ImageObject","inLanguage":"es","@id":"https:\/\/www.fabastayon.es\/#\/schema\/logo\/image\/","url":"https:\/\/www.fabastayon.es\/wp-content\/uploads\/2019\/01\/tayon.png","contentUrl":"https:\/\/www.fabastayon.es\/wp-content\/uploads\/2019\/01\/tayon.png","width":582,"height":199,"caption":"Fabas Tay\u00f3n"},"image":{"@id":"https:\/\/www.fabastayon.es\/#\/schema\/logo\/image\/"},"sameAs":["http:\/\/www.facebook.com\/fabastayon","http:\/\/www.instagram.com\/fabastayon\/"]}]}},"jetpack_sharing_enabled":true,"_links":{"self":[{"href":"https:\/\/www.fabastayon.es\/index.php\/wp-json\/wp\/v2\/pages\/98","targetHints":{"allow":["GET"]}}],"collection":[{"href":"https:\/\/www.fabastayon.es\/index.php\/wp-json\/wp\/v2\/pages"}],"about":[{"href":"https:\/\/www.fabastayon.es\/index.php\/wp-json\/wp\/v2\/types\/page"}],"author":[{"embeddable":true,"href":"https:\/\/www.fabastayon.es\/index.php\/wp-json\/wp\/v2\/users\/2"}],"replies":[{"embeddable":true,"href":"https:\/\/www.fabastayon.es\/index.php\/wp-json\/wp\/v2\/comments?post=98"}],"version-history":[{"count":18,"href":"https:\/\/www.fabastayon.es\/index.php\/wp-json\/wp\/v2\/pages\/98\/revisions"}],"predecessor-version":[{"id":253,"href":"https:\/\/www.fabastayon.es\/index.php\/wp-json\/wp\/v2\/pages\/98\/revisions\/253"}],"wp:attachment":[{"href":"https:\/\/www.fabastayon.es\/index.php\/wp-json\/wp\/v2\/media?parent=98"}],"curies":[{"name":"wp","href":"https:\/\/api.w.org\/{rel}","templated":true}]}}